{"version":"1.0","provider_name":"F\u00c9LFED\u00c9L","provider_url":"https:\/\/felfedel.cafeblog.hu","author_name":"F\u00e9lfed\u00e9l","author_url":"https:\/\/felfedel.cafeblog.hu\/author\/felfedelgmail-com\/","title":"\u201eM\u00e9g tol\u00f3kocsiban voltam, amikor r\u00e1tal\u00e1ltunk a Mocsokra\" - Klotild \u00e9s kuty\u00e1j\u00e1nak t\u00f6rt\u00e9nete","html":"<p><img class=\"aligncenter size-full wp-image-80\" src=\"https:\/\/felfedel.cafeblog.hu\/files\/2018\/10\/klotild.jpg\" alt=\"\" width=\"768\" height=\"474\" \/><\/p>\r\n<p><em>\u00dajabb levelet kaptunk Klotildt\u00f3l, melyet v\u00e1ltoztat\u00e1s n\u00e9lk\u00fcl adunk k\u00f6zre.<br \/><\/em><\/p>\r\n<p><!--more--><\/p>\r\n<p>\"Hogy is folytassam, minden kider\u00fclt. Na, az\u00e9rt nem!<\/p>\r\n<p>Az\u00f3ta jobban vagyok, vannak olyan \u00e1ldott emberek, hogy szinte \u00fajj\u00e1 sz\u00fcletek. Term\u00e9szetesen hib\u00e1zok (pl. most nem arra kell menni, hanem erre). Sz\u00e1ll\u00f3r\u00f3l besz\u00e9lek.<\/p>\r\n<p>Van egy kuty\u00e1m. \u00c1ll\u00edt\u00f3lag mudi fajta. \u00c9letemben nem hallottam ilyen fajt\u00e1r\u00f3l. Nagyon okos kutya. 2 (azaz kett\u0151) \u00e9ve tal\u00e1lkoztunk a p\u00e1rommal (most m\u00e1r nincs p\u00e1rom). Tudj\u00e1k, milyen \u00e9lm\u00e9ny volt?! M\u00e9g tol\u00f3kocsiban voltam, amikor r\u00e1tal\u00e1ltunk a Mocsokra.<\/p>\r\n<p>Ketten voltak egy kapu el\u0151tt. Nem sz\u00f6khettek ki, mert nagyon pici r\u00e9s volt. A p\u00e1rom el\u0151sz\u00f6r \u0151t adta oda. A m\u00e1sodikat balra tettem. Teh\u00e1t k\u00e9t mellemn\u00e9l volt k\u00e9t kiskutya. A b\u00e1csinak nagyon tetszett. R\u00f6gt\u00f6n megkedvelte. El\u0151sz\u00f6r azt mondta, hogy legyen Uzsgyi a neve ; nem j\u00f3! Ha azt mondom, hogy uzsgyi, \u00e9s a zebr\u00e1n milyen...<\/p>\r\n<p>Adjatok 1 hetet. \u00c9n meg el is neveztem MOCSOKnak. Az is nagyon rafin\u00e1lt! De egyben nagyon okos is.<\/p>\r\n[caption id=\"attachment_71\" align=\"aligncenter\" width=\"450\"]<img class=\"size-large wp-image-71\" src=\"https:\/\/felfedel.cafeblog.hu\/files\/2018\/10\/mocsok1-e1541007778700-450x600.jpg\" alt=\"\" width=\"450\" height=\"600\" \/> Mocsok a sz\u00e9ken[\/caption]\r\n<h2>Tal\u00e1n \u00dajpest lakoss\u00e1g\u00e1t t\u00fall\u0151n\u00e9 IQ-ban.<\/h2>\r\n<p>Ma pl. megy\u00fcnk \u00e1t a zebr\u00e1n, z\u00f6ld volt, a t\u00faloldalon egy anya \u00e9s gyermeke \u00e1llt. N\u00e9zt\u00e9k a Mocskot, hogy \u0151 sz\u00e9pen meg\u00e1llt \u00e9s megv\u00e1r engem. A Mocsok tudja, hogy f\u00e1j a l\u00e1bam, ez\u00e9rt szinte rendesen k\u00edm\u00e9l.<\/p>\r\n<p>K\u00e9pzeljenek el egy kiskuty\u00e1t, aki \u00fagy ismeri meg a gazdij\u00e1t, hogy tol\u00f3kocsis. Na m\u00e1r most \u00e1lland\u00f3an csak az \u00f6lemben van, volt. A p\u00e1rom term\u00e9szetesen tolt. Egyre nagyobb lett a Mocsok, m\u00e1r nem f\u00e9rt el a t\u00e9rdemen. Lassan \u00e9n is elkezdtem bottal j\u00e1rni. Mocsok mindig k\u00eds\u00e9rt. Egyszer csak elhagytam a tol\u00f3kocsit. N\u00e9zett r\u00e1m a Mocsok, hol van? Gondolom \u00e9n...<\/p>\r\n[caption id=\"attachment_70\" align=\"aligncenter\" width=\"451\"]<img class=\" wp-image-70\" src=\"https:\/\/felfedel.cafeblog.hu\/files\/2018\/10\/20181031_120124mocsok-391x600.jpg\" alt=\"\" width=\"451\" height=\"692\" \/> Mocsok im\u00e1dja, ha simogatj\u00e1k a pocakj\u00e1t[\/caption]\r\n<p>Amit mondtam is, hogy hajl\u00e9ktalan lettem, egy \u00e1llom\u00e1son szenvedt\u00fcnk a Mocsokkal egy\u00fctt. B\u00edrta a strap\u00e1t, 3 pulcsi volt rajta, a tol\u00f3kocsiban aludt. \u00c9n a padon aludtam pokr\u00f3c, pulcsi, valami. Kik\u00f6t\u00f6ttem a kocsit a padhoz \u00e9s \u00e9jszaka \u00fagy aludtunk el, hogy \u00e9n fogtam a tol\u00f3kocsinak a foganty\u00faj\u00e1t, a Mocsok r\u00e1m t\u00e9ve a mells\u0151 l\u00e1b\u00e1t.<\/p>\r\n<p>K\u00e9pzelj\u00e9k el: el\u0151sz\u00f6r elmegy a nagy Gazdija (\u00e9s n\u00e9zi, mikor j\u00f6n), tartott f\u00e9l \u00e9vig. Ut\u00e1na elmegy a b\u00e1csi, ut\u00e1na lez\u00e1rj\u00e1k a lak\u00e1st! Hirtelen hova? Ezt a traum\u00e1t!!! \u00c9s most mondom \u00d6n\u00f6knek:<\/p>\r\n<h2>Ez egy val\u00f3di kutya!<\/h2>\r\n<p style=\"text-align: right;\">Tisztelettel:<\/p>\r\n<p style=\"text-align: right;\">Klotild\"<\/p>","type":"rich"}