{"version":"1.0","provider_name":"F\u00c9LFED\u00c9L","provider_url":"https:\/\/felfedel.cafeblog.hu","author_name":"F\u00e9lfed\u00e9l","author_url":"https:\/\/felfedel.cafeblog.hu\/author\/felfedelgmail-com\/","title":"E.E. m\u00e1r nagyon v\u00e1rja a kar\u00e1csonyt","html":"<p><img class=\"aligncenter size-large wp-image-196\" src=\"https:\/\/felfedel.cafeblog.hu\/files\/2018\/11\/photo-1516123765209-95021e2adc43-600x400.jpg\" alt=\"\" width=\"600\" height=\"400\" \/><\/p>\r\n<p>A mi visszat\u00e9r\u0151 hajl\u00e9ktalan szerz\u0151nk, a titokzatos E.E. a kar\u00e1csonyra k\u00e9sz\u00fcl a rajz\u00e1val.<\/p>\r\n<p style=\"text-align: center;\"><!--more--><\/p>\r\n<p>E.E. \u00fajabb rajzzal \u00f6rvendeztet meg minket, k\u00e9sz\u00fclv\u00e9n az \u00fcnnepekre. Vajon mi lehet a Mikul\u00e1s zs\u00e1kj\u00e1ban?\u00a0<\/p>\r\n<p><img class=\"aligncenter wp-image-149 size-full\" src=\"https:\/\/felfedel.cafeblog.hu\/files\/2018\/11\/EE-kar\u00e1csony.jpg\" alt=\"\" width=\"1439\" height=\"2048\" \/><\/p>\r\n<p>&nbsp;<\/p>","type":"rich"}